{"id":115662,"date":"2023-04-27T15:05:18","date_gmt":"2023-04-27T15:05:18","guid":{"rendered":"https:\/\/ym-inc.com\/fr\/?post_type=job_listing&#038;p=115662"},"modified":"2023-04-27T17:25:11","modified_gmt":"2023-04-27T17:25:11","slug":"gerante-de-boutique-gerante-de-boutique-carrefour-du-nord-amensia","status":"publish","type":"job_listing","link":"https:\/\/ym-inc.com\/fr\/poste\/gerante-de-boutique-gerante-de-boutique-carrefour-du-nord-amensia\/","title":{"rendered":"G\u00e9rant(e) de boutique G\u00e9rant(e) de boutique- Carrefour Du Nord (Amensia)"},"content":{"rendered":"<div data-draftjs-conductor-fragment=\"{\"blocks\":[{\"key\":\"an29u\",\"text\":\"Si vous avez une passion pour la mode \u00e9ph\u00e9m\u00e8re, Amnesia est la destination de choix pour votre carri\u00e8re. Nous cherchons actuellement un G\u00e9rant(e) de boutique \u00e0 plein-temps qui se joindra \u00e0 notre formidable \u00e9quipe \u00e0 la boutique de Carrefour Du Nord. \",\"type\":\"unstyled\",\"depth\":0,\"inlineStyleRanges\":[{\"offset\":48,\"length\":8,\"style\":\"BOLD\"},{\"offset\":136,\"length\":36,\"style\":\"BOLD\"},{\"offset\":230,\"length\":18,\"style\":\"BOLD\"}],\"entityRanges\":[],\"data\":{}},{\"key\":\"54bhf\",\"text\":\"Vous reconnaissez-vous? :\",\"type\":\"unstyled\",\"depth\":0,\"inlineStyleRanges\":[{\"offset\":0,\"length\":25,\"style\":\"BOLD\"}],\"entityRanges\":[],\"data\":{}},{\"key\":\"fq2re\",\"text\":\"\u00b7 Un minimum de deux ans d\u2019exp\u00e9rience dans un \u00e9quipe de gestion\",\"type\":\"unstyled\",\"depth\":0,\"inlineStyleRanges\":[],\"entityRanges\":[],\"data\":{}},{\"key\":\"9gqt4\",\"text\":\"\u00b7 Un esprit ax\u00e9 sur l\u2019activit\u00e9 commerciale avec une capacit\u00e9 \u00e9prouv\u00e9e d\u2019augmenter les ventes\",\"type\":\"unstyled\",\"depth\":0,\"inlineStyleRanges\":[],\"entityRanges\":[],\"data\":{}},{\"key\":\"buds1\",\"text\":\"\u00b7 Une passion pour offrir un service \u00e0 la client\u00e8le de qualit\u00e9\",\"type\":\"unstyled\",\"depth\":0,\"inlineStyleRanges\":[],\"entityRanges\":[],\"data\":{}},{\"key\":\"co0cr\",\"text\":\"\u00b7 Un joueur d\u2019\u00e9quipe qui peut amener les gens \u00e0 se perfectionner et \u00e0 se d\u00e9velopper\",\"type\":\"unstyled\",\"depth\":0,\"inlineStyleRanges\":[],\"entityRanges\":[],\"data\":{}},{\"key\":\"vsrm\",\"text\":\"\u00b7 Capacit\u00e9 de soulever 50 lb\",\"type\":\"unstyled\",\"depth\":0,\"inlineStyleRanges\":[],\"entityRanges\":[],\"data\":{}},{\"key\":\"2hbpf\",\"text\":\"Nous offrons :\",\"type\":\"unstyled\",\"depth\":0,\"inlineStyleRanges\":[{\"offset\":0,\"length\":14,\"style\":\"BOLD\"}],\"entityRanges\":[],\"data\":{}},{\"key\":\"e06rr\",\"text\":\"Une r\u00e9mun\u00e9ration concurrentielle incluant des      primes et avantages sociaux\",\"type\":\"unordered-list-item\",\"depth\":0,\"inlineStyleRanges\":[],\"entityRanges\":[],\"data\":{}},{\"key\":\"2mta3\",\"text\":\"Une occasion de d\u00e9veloppement, de croissance et      de progression de la carri\u00e8re\",\"type\":\"unordered-list-item\",\"depth\":0,\"inlineStyleRanges\":[],\"entityRanges\":[],\"data\":{}},{\"key\":\"et00a\",\"text\":\"Un fantastique escompte pour les employ\u00e9s\",\"type\":\"unordered-list-item\",\"depth\":0,\"inlineStyleRanges\":[],\"entityRanges\":[],\"data\":{}},{\"key\":\"4nhet\",\"text\":\"YM Inc. (sales) est un employeur offrant des chances d\u2019embauche \u00e9gales pour tous et encourage les candidats qualifi\u00e9s \u00e0 postuler. Nous remercions tous les candidats de leur int\u00e9r\u00eat; cependant, seuls les candidats s\u00e9lectionn\u00e9s pour une entrevue seront contact\u00e9s.\",\"type\":\"unstyled\",\"depth\":0,\"inlineStyleRanges\":[],\"entityRanges\":[],\"data\":{}}],\"entityMap\":{}}\">\n<div class=\"ipl-richtexteditor-block\" data-block=\"true\" data-editor=\"ord0\" data-offset-key=\"c342h-0-0\">\n<div class=\"public-DraftStyleDefault-block public-DraftStyleDefault-ltr\" data-offset-key=\"c342h-0-0\"><span data-offset-key=\"c342h-0-0\">Si vous avez une passion pour la mode \u00e9ph\u00e9m\u00e8re, <\/span><strong>Amnesia <\/strong><span data-offset-key=\"c342h-0-2\">est la destination de choix pour votre carri\u00e8re. Nous cherchons actuellement un <\/span><span data-offset-key=\"c342h-0-3\"><strong>G\u00e9rant(e) de boutique<\/strong> \u00e0 plein-temps <\/span><span data-offset-key=\"c342h-0-4\">qui se joindra \u00e0 notre formidable \u00e9quipe \u00e0 la boutique de <\/span><strong>Carrefour Du Nord.<\/strong><\/div>\n<\/div>\n<div class=\"ipl-richtexteditor-block\" data-block=\"true\" data-editor=\"ord0\" data-offset-key=\"35p17-0-0\">\n<div data-offset-key=\"35p17-0-0\"><\/div>\n<div class=\"public-DraftStyleDefault-block public-DraftStyleDefault-ltr\" data-offset-key=\"35p17-0-0\"><span data-offset-key=\"35p17-0-0\">Vous reconnaissez-vous? :<\/span><\/div>\n<\/div>\n<div class=\"ipl-richtexteditor-block\" data-block=\"true\" data-editor=\"ord0\" data-offset-key=\"c76a0-0-0\">\n<div class=\"public-DraftStyleDefault-block public-DraftStyleDefault-ltr\" data-offset-key=\"c76a0-0-0\"><span data-offset-key=\"c76a0-0-0\">\u00b7 Un minimum de deux ans d\u2019exp\u00e9rience dans un \u00e9quipe de gestion<\/span><\/div>\n<\/div>\n<div class=\"ipl-richtexteditor-block\" data-block=\"true\" data-editor=\"ord0\" data-offset-key=\"amsde-0-0\">\n<div class=\"public-DraftStyleDefault-block public-DraftStyleDefault-ltr\" data-offset-key=\"amsde-0-0\"><span data-offset-key=\"amsde-0-0\">\u00b7 Un esprit ax\u00e9 sur l\u2019activit\u00e9 commerciale avec une capacit\u00e9 \u00e9prouv\u00e9e d\u2019augmenter les ventes<\/span><\/div>\n<\/div>\n<div class=\"ipl-richtexteditor-block\" data-block=\"true\" data-editor=\"ord0\" data-offset-key=\"dcg9j-0-0\">\n<div class=\"public-DraftStyleDefault-block public-DraftStyleDefault-ltr\" data-offset-key=\"dcg9j-0-0\"><span data-offset-key=\"dcg9j-0-0\">\u00b7 Une passion pour offrir un service \u00e0 la client\u00e8le de qualit\u00e9<\/span><\/div>\n<\/div>\n<div class=\"ipl-richtexteditor-block\" data-block=\"true\" data-editor=\"ord0\" data-offset-key=\"6gm44-0-0\">\n<div class=\"public-DraftStyleDefault-block public-DraftStyleDefault-ltr\" data-offset-key=\"6gm44-0-0\"><span data-offset-key=\"6gm44-0-0\">\u00b7 Un joueur d\u2019\u00e9quipe qui peut amener les gens \u00e0 se perfectionner et \u00e0 se d\u00e9velopper<\/span><\/div>\n<\/div>\n<div class=\"ipl-richtexteditor-block\" data-block=\"true\" data-editor=\"ord0\" data-offset-key=\"ao2l6-0-0\">\n<div class=\"public-DraftStyleDefault-block public-DraftStyleDefault-ltr\" data-offset-key=\"ao2l6-0-0\"><span data-offset-key=\"ao2l6-0-0\">\u00b7 Capacit\u00e9 de soulever 50 lb<\/span><\/div>\n<\/div>\n<div class=\"ipl-richtexteditor-block\" data-block=\"true\" data-editor=\"ord0\" data-offset-key=\"auutu-0-0\">\n<div class=\"public-DraftStyleDefault-block public-DraftStyleDefault-ltr\" data-offset-key=\"auutu-0-0\"><span data-offset-key=\"auutu-0-0\">Nous offrons :<\/span><\/div>\n<\/div>\n<ul class=\"public-DraftStyleDefault-ul\" data-offset-key=\"2b006-0-0\">\n<li class=\"ipl-richtexteditor-listitem public-DraftStyleDefault-unorderedListItem public-DraftStyleDefault-reset public-DraftStyleDefault-depth0 public-DraftStyleDefault-listLTR\" data-block=\"true\" data-editor=\"ord0\" data-offset-key=\"2b006-0-0\">\n<div class=\"public-DraftStyleDefault-block public-DraftStyleDefault-ltr\" data-offset-key=\"2b006-0-0\"><span data-offset-key=\"2b006-0-0\">Une r\u00e9mun\u00e9ration concurrentielle incluant des primes et avantages sociaux<\/span><\/div>\n<\/li>\n<li class=\"ipl-richtexteditor-listitem public-DraftStyleDefault-unorderedListItem public-DraftStyleDefault-depth0 public-DraftStyleDefault-listLTR\" data-block=\"true\" data-editor=\"ord0\" data-offset-key=\"etd7-0-0\">\n<div class=\"public-DraftStyleDefault-block public-DraftStyleDefault-ltr\" data-offset-key=\"etd7-0-0\"><span data-offset-key=\"etd7-0-0\">Une occasion de d\u00e9veloppement, de croissance et de progression de la carri\u00e8re<\/span><\/div>\n<\/li>\n<li class=\"ipl-richtexteditor-listitem public-DraftStyleDefault-unorderedListItem public-DraftStyleDefault-depth0 public-DraftStyleDefault-listLTR\" data-block=\"true\" data-editor=\"ord0\" data-offset-key=\"1df2a-0-0\">\n<div class=\"public-DraftStyleDefault-block public-DraftStyleDefault-ltr\" data-offset-key=\"1df2a-0-0\"><span data-offset-key=\"1df2a-0-0\">Un fantastique escompte pour les employ\u00e9s<\/span><\/div>\n<\/li>\n<\/ul>\n<div class=\"ipl-richtexteditor-block\" data-block=\"true\" data-editor=\"ord0\" data-offset-key=\"7plp8-0-0\">\n<div class=\"public-DraftStyleDefault-block public-DraftStyleDefault-ltr\" data-offset-key=\"7plp8-0-0\"><span data-offset-key=\"7plp8-0-0\">YM Inc. (sales) est un employeur offrant des chances d\u2019embauche \u00e9gales pour tous et encourage les candidats qualifi\u00e9s \u00e0 postuler. Nous remercions tous les candidats de leur int\u00e9r\u00eat; cependant, seuls les candidats s\u00e9lectionn\u00e9s pour une entrevue seront contact\u00e9s.<\/span><\/div>\n<\/div>\n<\/div>\n","protected":false},"author":20,"featured_media":0,"template":"","meta":{"_acf_changed":false,"_promoted":"","_job_location":"Amnesia, QC","_application":"tmanoukian@yminc.ca","_company_name":"","_company_website":"","_company_tagline":"","_company_twitter":"","_company_video":"","_filled":0,"_featured":0,"_remote_position":0,"_job_salary":"","_job_salary_currency":"","_job_salary_unit":""},"job-categories":[35],"job-types":[33],"class_list":{"0":"post-115662","1":"job_listing","2":"type-job_listing","3":"status-publish","4":"hentry","6":"job-type-in-store"},"acf":[],"yoast_head":"<!-- This site is optimized with the Yoast SEO plugin v27.5 - https:\/\/yoast.com\/product\/yoast-seo-wordpress\/ -->\n<title>G\u00e9rant(e) de boutique G\u00e9rant(e) de boutique- Carrefour Du Nord (Amensia)<\/title>\n<meta name=\"robots\" content=\"index, follow, max-snippet:-1, max-image-preview:large, max-video-preview:-1\" \/>\n<link rel=\"canonical\" href=\"https:\/\/ym-inc.com\/fr\/job\/gerante-de-boutique-gerante-de-boutique-carrefour-du-nord-amensia\/\" \/>\n<meta property=\"og:locale\" content=\"fr_FR\" \/>\n<meta property=\"og:locale:alternate\" content=\"en_CA\" \/>\n<meta property=\"og:type\" content=\"article\" \/>\n<meta property=\"og:title\" content=\"G\u00e9rant(e) de boutique G\u00e9rant(e) de boutique- Carrefour Du Nord (Amensia)\" \/>\n<meta property=\"og:description\" content=\"Si vous avez une passion pour la mode \u00e9ph\u00e9m\u00e8re, Amnesia est la destination de choix pour votre carri\u00e8re. Nous cherchons actuellement un G\u00e9rant(e) de boutique \u00e0 plein-temps qui se joindra \u00e0 notre formidable \u00e9quipe \u00e0 la boutique de Carrefour Du Nord. Vous reconnaissez-vous? : \u00b7 Un minimum de deux ans d\u2019exp\u00e9rience dans un \u00e9quipe de [&hellip;]\" \/>\n<meta property=\"og:url\" content=\"https:\/\/ym-inc.com\/fr\/poste\/gerante-de-boutique-gerante-de-boutique-carrefour-du-nord-amensia\/\" \/>\n<meta property=\"og:site_name\" content=\"YM Inc.\" \/>\n<meta property=\"article:modified_time\" content=\"2023-04-27T17:25:11+00:00\" \/>\n<meta name=\"twitter:card\" content=\"summary_large_image\" \/>\n<meta name=\"twitter:label1\" content=\"Dur\u00e9e de lecture estim\u00e9e\" \/>\n\t<meta name=\"twitter:data1\" content=\"1 minute\" \/>\n<script type=\"application\/ld+json\" class=\"yoast-schema-graph\">{\"@context\":\"https:\\\/\\\/schema.org\",\"@graph\":[{\"@type\":\"WebPage\",\"@id\":\"https:\\\/\\\/ym-inc.com\\\/job\\\/gerante-de-boutique-gerante-de-boutique-carrefour-du-nord-amensia\\\/\",\"url\":\"https:\\\/\\\/ym-inc.com\\\/job\\\/gerante-de-boutique-gerante-de-boutique-carrefour-du-nord-amensia\\\/\",\"name\":\"G\u00e9rant(e) de boutique G\u00e9rant(e) de boutique- Carrefour Du Nord (Amensia)\",\"isPartOf\":{\"@id\":\"https:\\\/\\\/ym-inc.com\\\/#website\"},\"datePublished\":\"2023-04-27T15:05:18+00:00\",\"dateModified\":\"2023-04-27T17:25:11+00:00\",\"breadcrumb\":{\"@id\":\"https:\\\/\\\/ym-inc.com\\\/job\\\/gerante-de-boutique-gerante-de-boutique-carrefour-du-nord-amensia\\\/#breadcrumb\"},\"inLanguage\":\"fr-FR\",\"potentialAction\":[{\"@type\":\"ReadAction\",\"target\":[\"https:\\\/\\\/ym-inc.com\\\/job\\\/gerante-de-boutique-gerante-de-boutique-carrefour-du-nord-amensia\\\/\"]}]},{\"@type\":\"BreadcrumbList\",\"@id\":\"https:\\\/\\\/ym-inc.com\\\/job\\\/gerante-de-boutique-gerante-de-boutique-carrefour-du-nord-amensia\\\/#breadcrumb\",\"itemListElement\":[{\"@type\":\"ListItem\",\"position\":1,\"name\":\"Home\",\"item\":\"https:\\\/\\\/ym-inc.com\\\/fr\\\/\"},{\"@type\":\"ListItem\",\"position\":2,\"name\":\"Retail Store Manager &#8211; Carrefour Du Nord (Amnesia)\"}]},{\"@type\":\"WebSite\",\"@id\":\"https:\\\/\\\/ym-inc.com\\\/#website\",\"url\":\"https:\\\/\\\/ym-inc.com\\\/\",\"name\":\"YM Inc.\",\"description\":\"\",\"potentialAction\":[{\"@type\":\"SearchAction\",\"target\":{\"@type\":\"EntryPoint\",\"urlTemplate\":\"https:\\\/\\\/ym-inc.com\\\/?s={search_term_string}\"},\"query-input\":{\"@type\":\"PropertyValueSpecification\",\"valueRequired\":true,\"valueName\":\"search_term_string\"}}],\"inLanguage\":\"fr-FR\"}]}<\/script>\n<!-- \/ Yoast SEO plugin. -->","yoast_head_json":{"title":"G\u00e9rant(e) de boutique G\u00e9rant(e) de boutique- Carrefour Du Nord (Amensia)","robots":{"index":"index","follow":"follow","max-snippet":"max-snippet:-1","max-image-preview":"max-image-preview:large","max-video-preview":"max-video-preview:-1"},"canonical":"https:\/\/ym-inc.com\/fr\/job\/gerante-de-boutique-gerante-de-boutique-carrefour-du-nord-amensia\/","og_locale":"fr_FR","og_type":"article","og_title":"[:en]Retail Store Manager - Carrefour Du Nord (Amnesia)[:fr]G\u00e9rant(e) de boutique G\u00e9rant(e) de boutique- Carrefour Du Nord (Amensia)[:] - YM Inc.","og_description":"Si vous avez une passion pour la mode \u00e9ph\u00e9m\u00e8re, Amnesia est la destination de choix pour votre carri\u00e8re. Nous cherchons actuellement un G\u00e9rant(e) de boutique \u00e0 plein-temps qui se joindra \u00e0 notre formidable \u00e9quipe \u00e0 la boutique de Carrefour Du Nord. Vous reconnaissez-vous? : \u00b7 Un minimum de deux ans d\u2019exp\u00e9rience dans un \u00e9quipe de [&hellip;]","og_url":"https:\/\/ym-inc.com\/fr\/poste\/gerante-de-boutique-gerante-de-boutique-carrefour-du-nord-amensia\/","og_site_name":"YM Inc.","article_modified_time":"2023-04-27T17:25:11+00:00","twitter_card":"summary_large_image","twitter_misc":{"Dur\u00e9e de lecture estim\u00e9e":"1 minute"},"schema":{"@context":"https:\/\/schema.org","@graph":[{"@type":"WebPage","@id":"https:\/\/ym-inc.com\/job\/gerante-de-boutique-gerante-de-boutique-carrefour-du-nord-amensia\/","url":"https:\/\/ym-inc.com\/job\/gerante-de-boutique-gerante-de-boutique-carrefour-du-nord-amensia\/","name":"G\u00e9rant(e) de boutique G\u00e9rant(e) de boutique- Carrefour Du Nord (Amensia)","isPartOf":{"@id":"https:\/\/ym-inc.com\/#website"},"datePublished":"2023-04-27T15:05:18+00:00","dateModified":"2023-04-27T17:25:11+00:00","breadcrumb":{"@id":"https:\/\/ym-inc.com\/job\/gerante-de-boutique-gerante-de-boutique-carrefour-du-nord-amensia\/#breadcrumb"},"inLanguage":"fr-FR","potentialAction":[{"@type":"ReadAction","target":["https:\/\/ym-inc.com\/job\/gerante-de-boutique-gerante-de-boutique-carrefour-du-nord-amensia\/"]}]},{"@type":"BreadcrumbList","@id":"https:\/\/ym-inc.com\/job\/gerante-de-boutique-gerante-de-boutique-carrefour-du-nord-amensia\/#breadcrumb","itemListElement":[{"@type":"ListItem","position":1,"name":"Home","item":"https:\/\/ym-inc.com\/fr\/"},{"@type":"ListItem","position":2,"name":"Retail Store Manager &#8211; Carrefour Du Nord (Amnesia)"}]},{"@type":"WebSite","@id":"https:\/\/ym-inc.com\/#website","url":"https:\/\/ym-inc.com\/","name":"YM Inc.","description":"","potentialAction":[{"@type":"SearchAction","target":{"@type":"EntryPoint","urlTemplate":"https:\/\/ym-inc.com\/?s={search_term_string}"},"query-input":{"@type":"PropertyValueSpecification","valueRequired":true,"valueName":"search_term_string"}}],"inLanguage":"fr-FR"}]}},"_links":{"self":[{"href":"https:\/\/ym-inc.com\/fr\/wp-json\/wp\/v2\/job-listings\/115662","targetHints":{"allow":["GET"]}}],"collection":[{"href":"https:\/\/ym-inc.com\/fr\/wp-json\/wp\/v2\/job-listings"}],"about":[{"href":"https:\/\/ym-inc.com\/fr\/wp-json\/wp\/v2\/types\/job_listing"}],"author":[{"embeddable":true,"href":"https:\/\/ym-inc.com\/fr\/wp-json\/wp\/v2\/users\/20"}],"wp:attachment":[{"href":"https:\/\/ym-inc.com\/fr\/wp-json\/wp\/v2\/media?parent=115662"}],"wp:term":[{"taxonomy":"job_listing_category","embeddable":true,"href":"https:\/\/ym-inc.com\/fr\/wp-json\/wp\/v2\/job-categories?post=115662"},{"taxonomy":"job_listing_type","embeddable":true,"href":"https:\/\/ym-inc.com\/fr\/wp-json\/wp\/v2\/job-types?post=115662"}],"curies":[{"name":"wp","href":"https:\/\/api.w.org\/{rel}","templated":true}]}}